{"id":21250218,"date":"2024-10-15T20:15:21","date_gmt":"2024-10-15T18:15:21","guid":{"rendered":"https:\/\/www.idf-evenements.com\/references\/"},"modified":"2025-12-02T11:39:40","modified_gmt":"2025-12-02T10:39:40","slug":"references","status":"publish","type":"page","link":"https:\/\/www.idf-evenements.com\/en\/references\/","title":{"rendered":"References"},"content":{"rendered":"<p>[et_pb_section fb_built=&#8221;1&#8243; admin_label=&#8221;Header&#8221; _builder_version=&#8221;4.19.4&#8243; _dynamic_attributes=&#8221;background_image&#8221; use_background_color_gradient=&#8221;on&#8221; background_color_gradient_stops=&#8221;rgba(10,0,0,0.3) 0%|rgba(15,15,15,0.05) 100%&#8221; background_image=&#8221;@ET-DC@eyJkeW5hbWljIjp0cnVlLCJjb250ZW50IjoicG9zdF9mZWF0dXJlZF9pbWFnZSIsInNldHRpbmdzIjp7ImVuYWJsZV9odG1sIjoib2ZmIn19@&#8221; background_blend=&#8221;multiply&#8221; height_tablet=&#8221;540px&#8221; height_phone=&#8221;540px&#8221; height_last_edited=&#8221;off|desktop&#8221; custom_padding=&#8221;0px||0px||true|false&#8221; locked=&#8221;off&#8221; global_colors_info=&#8221;{}&#8221;][et_pb_row custom_padding_last_edited=&#8221;on|phone&#8221; _builder_version=&#8221;4.19.4&#8243; background_size=&#8221;initial&#8221; background_position=&#8221;top_left&#8221; background_repeat=&#8221;repeat&#8221; custom_padding=&#8221;230px||250px||false|false&#8221; custom_padding_tablet=&#8221;160px||180px||false|false&#8221; custom_padding_phone=&#8221;100px||120px||false|false&#8221; global_colors_info=&#8221;{}&#8221;][et_pb_column type=&#8221;4_4&#8243; _builder_version=&#8221;4.19.4&#8243; _module_preset=&#8221;default&#8221; global_colors_info=&#8221;{}&#8221;][et_pb_text _builder_version=&#8221;4.19.4&#8243; _dynamic_attributes=&#8221;content&#8221; _module_preset=&#8221;default&#8221; header_font=&#8221;||on||||||&#8221; header_text_align=&#8221;center&#8221; header_text_color=&#8221;#ffffff&#8221; header_font_size=&#8221;60px&#8221; header_line_height=&#8221;1.1em&#8221; header_font_size_tablet=&#8221;50px&#8221; header_font_size_phone=&#8221;40px&#8221; header_font_size_last_edited=&#8221;on|phone&#8221; global_colors_info=&#8221;{}&#8221;]@ET-DC@eyJkeW5hbWljIjp0cnVlLCJjb250ZW50IjoicG9zdF90aXRsZSIsInNldHRpbmdzIjp7ImJlZm9yZSI6IjxoMT4iLCJhZnRlciI6IjwvaDE+IiwiZW5hYmxlX2h0bWwiOiJvZmYifX0=@[\/et_pb_text][\/et_pb_column][\/et_pb_row][\/et_pb_section][et_pb_section fb_built=&#8221;1&#8243; _builder_version=&#8221;4.23.1&#8243; _module_preset=&#8221;default&#8221; background_image=&#8221;https:\/\/www.idf-evenements.com\/wp-content\/uploads\/2023\/01\/idf_evenements-pattern.svg&#8221; background_size=&#8221;initial&#8221; background_position=&#8221;bottom_center&#8221; background_repeat=&#8221;repeat&#8221; global_colors_info=&#8221;{}&#8221;][et_pb_row custom_padding_last_edited=&#8221;on|phone&#8221; _builder_version=&#8221;4.23.1&#8243; _module_preset=&#8221;default&#8221; width_tablet=&#8221;&#8221; width_phone=&#8221;90%&#8221; width_last_edited=&#8221;on|phone&#8221; custom_margin_tablet=&#8221;&#8221; custom_margin_phone=&#8221;&#8221; custom_margin_last_edited=&#8221;on|phone&#8221; custom_padding_tablet=&#8221;&#8221; custom_padding_phone=&#8221;0px||0px||true|false&#8221; locked=&#8221;off&#8221; global_colors_info=&#8221;{}&#8221;][et_pb_column type=&#8221;4_4&#8243; _builder_version=&#8221;4.19.4&#8243; _module_preset=&#8221;default&#8221; global_colors_info=&#8221;{}&#8221;][et_pb_text _builder_version=&#8221;4.23.1&#8243; _module_preset=&#8221;default&#8221; text_text_color=&#8221;#3A4C57&#8243; text_font_size=&#8221;22px&#8221; text_line_height=&#8221;1em&#8221; text_orientation=&#8221;center&#8221; max_width=&#8221;950px&#8221; module_alignment=&#8221;center&#8221; custom_padding=&#8221;0px|||||&#8221; text_font_size_tablet=&#8221;22px&#8221; text_font_size_phone=&#8221;18px&#8221; text_font_size_last_edited=&#8221;on|phone&#8221; text_orientation_phone=&#8221;center&#8221; text_orientation_last_edited=&#8221;off|phone&#8221; global_colors_info=&#8221;{}&#8221;]<\/p>\n<p>Explore the prestigious world of events delivered by IDF \u00c9v\u00e9nements. Each project is designed as a bespoke experience, crafted to meet the expectations of even our most demanding clients and to create truly memorable moments. <\/p>\n<p>[\/et_pb_text][\/et_pb_column][\/et_pb_row][et_pb_row _builder_version=&#8221;4.23.1&#8243; _module_preset=&#8221;default&#8221; hover_enabled=&#8221;0&#8243; global_colors_info=&#8221;{}&#8221; width_last_edited=&#8221;on|phone&#8221; width_tablet=&#8221;90%&#8221; sticky_enabled=&#8221;0&#8243; width_phone=&#8221;90%&#8221;][et_pb_column type=&#8221;4_4&#8243; _builder_version=&#8221;4.23.1&#8243; _module_preset=&#8221;default&#8221; global_colors_info=&#8221;{}&#8221;][et_pb_text admin_label=&#8221;%91portefeuille_cas_clients%93&#8243; _builder_version=&#8221;4.23.1&#8243; _module_preset=&#8221;default&#8221; global_colors_info=&#8221;{}&#8221;]<\/p>\n<div class=\"lieux-filters\"><button class=\"filter-btn active\" data-filter=\"*\">Toutes les r\u00e9f\u00e9rences<\/button><button class=\"filter-btn\" data-filter=\".musee\">Mus\u00e9e<\/button><button class=\"filter-btn\" data-filter=\".atypique\">Atypique<\/button><button class=\"filter-btn\" data-filter=\".prestigieux\">Prestigieux<\/button><button class=\"filter-btn\" data-filter=\".hotel-particulier\">H\u00f4tel Particulier<\/button><button class=\"filter-btn\" data-filter=\".theatre\">Th\u00e9\u00e2tre<\/button><button class=\"filter-btn\" data-filter=\".prestigious-en\">Prestigious<\/button><button class=\"filter-btn\" data-filter=\".rooftop\">Rooftop<\/button><button class=\"filter-btn\" data-filter=\".atypique-en\">Unique<\/button><\/div><div class=\"portfolio-grid\"><a href=\"https:\/\/www.idf-evenements.com\/en\/references\/cocktail-entreprise-pai-partners-musee-bourdelle\/\" class=\"portfolio-item musee\"><div class=\"portfolio-image-category\"><div class=\"portfolio-image\"><img loading=\"lazy\" decoding=\"async\" width=\"768\" height=\"512\" src=\"https:\/\/www.idf-evenements.com\/wp-content\/uploads\/2025\/10\/reference-cocktail-entreprise-pai-partners-musee-bourdelle-066-768x512.png\" class=\"attachment-medium_large size-medium_large wp-post-image\" alt=\"Cocktail d&#039;entreprise pour PAI Partners au Mus\u00e9e Bourdelle\" \/><\/div><div class=\"portfolio-lieu-category\">Mus\u00e9e<\/div><\/div><div class=\"portfolio-content\"><div class=\"portfolio-infos\"><p class=\"portfolio-ville\">Paris XVe<\/p><p class=\"portfolio-participants\">150 personnes<\/p><\/div><h3 class=\"portfolio-title\">Cocktail d&#8217;entreprise pour PAI Partners au Mus\u00e9e Bourdelle<\/h3><div class=\"portfolio-cta\">D\u00e9couvrir<\/div><\/div><\/a><a href=\"https:\/\/www.idf-evenements.com\/en\/references\/seminaire-residentiel-entreprise-etranger-madrid\/\" class=\"portfolio-item atypique\"><div class=\"portfolio-image-category\"><div class=\"portfolio-image\"><img loading=\"lazy\" decoding=\"async\" width=\"768\" height=\"512\" src=\"https:\/\/www.idf-evenements.com\/wp-content\/uploads\/2025\/10\/reference-seminaire-residentiel-entreprise-etranger-madrid-058-768x512.png\" class=\"attachment-medium_large size-medium_large wp-post-image\" alt=\"\" \/><\/div><div class=\"portfolio-lieu-category\">Atypique<\/div><\/div><div class=\"portfolio-content\"><div class=\"portfolio-infos\"><p class=\"portfolio-ville\">Madrid (Espagne)<\/p><p class=\"portfolio-participants\">350 personnes<\/p><\/div><h3 class=\"portfolio-title\">S\u00e9minaire r\u00e9sidentiel d&#8217;entreprise \u00e0 l&#8217;\u00e9tranger (Madrid)<\/h3><div class=\"portfolio-cta\">D\u00e9couvrir<\/div><\/div><\/a><a href=\"https:\/\/www.idf-evenements.com\/en\/references\/givenchy-soiree-fin-annee-trianon\/\" class=\"portfolio-item atypique prestigieux\"><div class=\"portfolio-image-category\"><div class=\"portfolio-image\"><img loading=\"lazy\" decoding=\"async\" width=\"768\" height=\"512\" src=\"https:\/\/www.idf-evenements.com\/wp-content\/uploads\/2025\/10\/reference-givenchy-soiree-fin-annee-trianon-047-768x512.png\" class=\"attachment-medium_large size-medium_large wp-post-image\" alt=\"Organisez un \u00e9v\u00e9nement de reconnaissance collaborateurs premium pour motiver, fid\u00e9liser et valoriser vos \u00e9quipes avec IDF \u00e9v\u00e9nements.\" \/><\/div><div class=\"portfolio-lieu-category\">Prestigieux<\/div><\/div><div class=\"portfolio-content\"><div class=\"portfolio-infos\"><p class=\"portfolio-ville\">Paris XVIIIe<\/p><p class=\"portfolio-participants\">600 personnes<\/p><\/div><h3 class=\"portfolio-title\">Soir\u00e9e de fin d&#8217;ann\u00e9e pour Givenchy au Trianon<\/h3><div class=\"portfolio-cta\">D\u00e9couvrir<\/div><\/div><\/a><a href=\"https:\/\/www.idf-evenements.com\/en\/references\/natixis-arbre-noel-palais-bourse-bordeaux\/\" class=\"portfolio-item prestigieux\"><div class=\"portfolio-image-category\"><div class=\"portfolio-image\"><img loading=\"lazy\" decoding=\"async\" width=\"768\" height=\"512\" src=\"https:\/\/www.idf-evenements.com\/wp-content\/uploads\/2025\/10\/reference-natixis-arbre-noel-palais-bourse-bordeaux-050-768x512.png\" class=\"attachment-medium_large size-medium_large wp-post-image\" alt=\"Arbre de No\u00ebl d&#039;entreprise au Palais de la Bourse de Bordeaux\" \/><\/div><div class=\"portfolio-lieu-category\">Prestigieux<\/div><\/div><div class=\"portfolio-content\"><div class=\"portfolio-infos\"><p class=\"portfolio-ville\">Bordeaux<\/p><p class=\"portfolio-participants\">1200 personnes<\/p><\/div><h3 class=\"portfolio-title\">Arbre de No\u00ebl d&#8217;entreprise au Palais de la Bourse de Bordeaux<\/h3><div class=\"portfolio-cta\">D\u00e9couvrir<\/div><\/div><\/a><a href=\"https:\/\/www.idf-evenements.com\/en\/references\/chanel-cocktail-monnaie-de-paris\/\" class=\"portfolio-item hotel-particulier musee prestigieux\"><div class=\"portfolio-image-category\"><div class=\"portfolio-image\"><img loading=\"lazy\" decoding=\"async\" width=\"768\" height=\"512\" src=\"https:\/\/www.idf-evenements.com\/wp-content\/uploads\/2025\/10\/reference-chanel-cocktail-monnaie-de-paris-036-768x512.png\" class=\"attachment-medium_large size-medium_large wp-post-image\" alt=\"Organisation d&#039;un cocktail d&#039;entreprise \u00e0 la Monnaie de Paris\" \/><\/div><div class=\"portfolio-lieu-category\">Prestigieux<\/div><\/div><div class=\"portfolio-content\"><div class=\"portfolio-infos\"><p class=\"portfolio-ville\">Paris VIe<\/p><p class=\"portfolio-participants\">300 personnes<\/p><\/div><h3 class=\"portfolio-title\">Organisation d&#8217;un cocktail d&#8217;entreprise \u00e0 la Monnaie de Paris<\/h3><div class=\"portfolio-cta\">D\u00e9couvrir<\/div><\/div><\/a><a href=\"https:\/\/www.idf-evenements.com\/en\/references\/cocktail-du-gicat-au-printemps-haussmann\/\" class=\"portfolio-item atypique\"><div class=\"portfolio-image-category\"><div class=\"portfolio-image\"><img loading=\"lazy\" decoding=\"async\" width=\"768\" height=\"512\" src=\"https:\/\/www.idf-evenements.com\/wp-content\/uploads\/2025\/10\/reference-gicat-printemps-haussmann-032-768x512.png\" class=\"attachment-medium_large size-medium_large wp-post-image\" alt=\"Agence \u00e9v\u00e9nementielle tech \u00e0 Paris\" \/><\/div><div class=\"portfolio-lieu-category\">Atypique<\/div><\/div><div class=\"portfolio-content\"><div class=\"portfolio-infos\"><p class=\"portfolio-ville\">Paris IXe<\/p><p class=\"portfolio-participants\">500 personnes<\/p><\/div><h3 class=\"portfolio-title\">Cocktail du GICAT au Printemps Haussmann<\/h3><div class=\"portfolio-cta\">D\u00e9couvrir<\/div><\/div><\/a><a href=\"https:\/\/www.idf-evenements.com\/en\/references\/comite-france-chine-diner-gala-palais-galliera\/\" class=\"portfolio-item atypique hotel-particulier musee prestigieux\"><div class=\"portfolio-image-category\"><div class=\"portfolio-image\"><img loading=\"lazy\" decoding=\"async\" width=\"768\" height=\"512\" src=\"https:\/\/www.idf-evenements.com\/wp-content\/uploads\/2025\/10\/reference-comite-france-chine-diner-gala-palais-galliera-018-768x512.png\" class=\"attachment-medium_large size-medium_large wp-post-image\" alt=\"\" \/><\/div><div class=\"portfolio-lieu-category\">Prestigieux<\/div><\/div><div class=\"portfolio-content\"><div class=\"portfolio-infos\"><p class=\"portfolio-ville\">Paris XVIe<\/p><p class=\"portfolio-participants\">220 personnes<\/p><\/div><h3 class=\"portfolio-title\">D\u00eener de gala du Comit\u00e9 France Chine au Palais Galliera<\/h3><div class=\"portfolio-cta\">D\u00e9couvrir<\/div><\/div><\/a><a href=\"https:\/\/www.idf-evenements.com\/en\/references\/balmain-diner-gala-palais-garnier\/\" class=\"portfolio-item prestigieux theatre\"><div class=\"portfolio-image-category\"><div class=\"portfolio-image\"><img loading=\"lazy\" decoding=\"async\" width=\"768\" height=\"512\" src=\"https:\/\/www.idf-evenements.com\/wp-content\/uploads\/2025\/10\/reference-balmain-diner-gala-palais-garnier-025-768x512.png\" class=\"attachment-medium_large size-medium_large wp-post-image\" alt=\"D\u00eener de gala de Balmain au Palais Garnier\" \/><\/div><div class=\"portfolio-lieu-category\">Th\u00e9\u00e2tre<\/div><\/div><div class=\"portfolio-content\"><div class=\"portfolio-infos\"><p class=\"portfolio-ville\">Paris Ier<\/p><p class=\"portfolio-participants\">150 personnes<\/p><\/div><h3 class=\"portfolio-title\">D\u00eener de gala de Balmain au Palais Garnier<\/h3><div class=\"portfolio-cta\">D\u00e9couvrir<\/div><\/div><\/a><a href=\"https:\/\/www.idf-evenements.com\/en\/references\/thyssenkrupp-cocktail-vip-palais-galliera\/\" class=\"portfolio-item atypique hotel-particulier musee prestigieux\"><div class=\"portfolio-image-category\"><div class=\"portfolio-image\"><img loading=\"lazy\" decoding=\"async\" width=\"768\" height=\"512\" src=\"https:\/\/www.idf-evenements.com\/wp-content\/uploads\/2025\/10\/reference-thyssenkrupp-cocktail-vip-palais-galliera-011-768x512.png\" class=\"attachment-medium_large size-medium_large wp-post-image\" alt=\"Cocktail VIP au Palais Galliera pour ThyssenKrupp\" \/><\/div><div class=\"portfolio-lieu-category\">Prestigieux<\/div><\/div><div class=\"portfolio-content\"><div class=\"portfolio-infos\"><p class=\"portfolio-ville\">Paris XVIe<\/p><p class=\"portfolio-participants\">300 personnes<\/p><\/div><h3 class=\"portfolio-title\">Cocktail VIP au Palais Galliera pour ThyssenKrupp<\/h3><div class=\"portfolio-cta\">D\u00e9couvrir<\/div><\/div><\/a><a href=\"https:\/\/www.idf-evenements.com\/en\/references\/fortil-convention-annuelle-interne\/\" class=\"portfolio-item musee\"><div class=\"portfolio-image-category\"><div class=\"portfolio-image\"><img loading=\"lazy\" decoding=\"async\" width=\"768\" height=\"512\" src=\"https:\/\/www.idf-evenements.com\/wp-content\/uploads\/2025\/10\/reference-fortil-convention-annuelle-interne-001-768x512.png\" class=\"attachment-medium_large size-medium_large wp-post-image\" alt=\"\" \/><\/div><div class=\"portfolio-lieu-category\">Mus\u00e9e<\/div><\/div><div class=\"portfolio-content\"><div class=\"portfolio-infos\"><p class=\"portfolio-ville\">Paris Ier<\/p><p class=\"portfolio-participants\">1500 personnes<\/p><\/div><h3 class=\"portfolio-title\">Convention annuelle interne de Fortil<\/h3><div class=\"portfolio-cta\">D\u00e9couvrir<\/div><\/div><\/a><a href=\"https:\/\/www.idf-evenements.com\/en\/references\/nicolas-evenement-hotel-particulier-paris\/\" class=\"portfolio-item prestigieux\"><div class=\"portfolio-image-category\"><div class=\"portfolio-image\"><img loading=\"lazy\" decoding=\"async\" width=\"768\" height=\"512\" src=\"https:\/\/www.idf-evenements.com\/wp-content\/uploads\/2024\/11\/nicolas-evenement-hotel-particulier-3-paris-1-768x512.png\" class=\"attachment-medium_large size-medium_large wp-post-image\" alt=\"\u00c9v\u00e9nement de derni\u00e8re minute : comment pr\u00e9server la qualit\u00e9 ?\" \/><\/div><div class=\"portfolio-lieu-category\">Prestigieux<\/div><\/div><div class=\"portfolio-content\"><div class=\"portfolio-infos\"><p class=\"portfolio-ville\">Paris VIIIe<\/p><p class=\"portfolio-participants\">500 personnes<\/p><\/div><h3 class=\"portfolio-title\">\u00c9v\u00e9nement dans un h\u00f4tel particulier \u00e0 Paris<\/h3><div class=\"portfolio-cta\">D\u00e9couvrir<\/div><\/div><\/a><a href=\"https:\/\/www.idf-evenements.com\/en\/references\/fidal-cocktail-100-ans\/\" class=\"portfolio-item musee\"><div class=\"portfolio-image-category\"><div class=\"portfolio-image\"><img loading=\"lazy\" decoding=\"async\" width=\"768\" height=\"512\" src=\"https:\/\/www.idf-evenements.com\/wp-content\/uploads\/2024\/11\/fidal-cocktail-100-ans-6-768x512.png\" class=\"attachment-medium_large size-medium_large wp-post-image\" alt=\"Cocktail et soir\u00e9e pour les 100 ans du cabinet Fidal\" \/><\/div><div class=\"portfolio-lieu-category\">Mus\u00e9e<\/div><\/div><div class=\"portfolio-content\"><div class=\"portfolio-infos\"><p class=\"portfolio-ville\">Paris IIIe<\/p><p class=\"portfolio-participants\">500 personnes<\/p><\/div><h3 class=\"portfolio-title\">Cocktail et soir\u00e9e pour les 100 ans du cabinet Fidal<\/h3><div class=\"portfolio-cta\">D\u00e9couvrir<\/div><\/div><\/a><a href=\"https:\/\/www.idf-evenements.com\/en\/references\/board-convention-entreprise-petit-palais\/\" class=\"portfolio-item musee\"><div class=\"portfolio-image-category\"><div class=\"portfolio-image\"><img loading=\"lazy\" decoding=\"async\" width=\"768\" height=\"512\" src=\"https:\/\/www.idf-evenements.com\/wp-content\/uploads\/2024\/11\/board-convention-entreprise-petit-palais-1-768x512.png\" class=\"attachment-medium_large size-medium_large wp-post-image\" alt=\"Soir\u00e9e dans un monument historique\" \/><\/div><div class=\"portfolio-lieu-category\">Mus\u00e9e<\/div><\/div><div class=\"portfolio-content\"><div class=\"portfolio-infos\"><p class=\"portfolio-ville\">Paris VIIIe<\/p><p class=\"portfolio-participants\">350 personnes<\/p><\/div><h3 class=\"portfolio-title\">Convention entreprise au Petit Palais<\/h3><div class=\"portfolio-cta\">D\u00e9couvrir<\/div><\/div><\/a><a href=\"https:\/\/www.idf-evenements.com\/en\/references\/natixis-soiree-annuelle\/\" class=\"portfolio-item atypique\"><div class=\"portfolio-image-category\"><div class=\"portfolio-image\"><img loading=\"lazy\" decoding=\"async\" width=\"768\" height=\"512\" src=\"https:\/\/www.idf-evenements.com\/wp-content\/uploads\/2024\/11\/natixis-soiree-annuelle-9-768x512.png\" class=\"attachment-medium_large size-medium_large wp-post-image\" alt=\"Soir\u00e9e d\u2019entreprise sur le th\u00e8me des ann\u00e9es folles\" \/><\/div><div class=\"portfolio-lieu-category\">Atypique<\/div><\/div><div class=\"portfolio-content\"><div class=\"portfolio-infos\"><p class=\"portfolio-ville\">Vincennes 94300<\/p><p class=\"portfolio-participants\">800  personnes<\/p><\/div><h3 class=\"portfolio-title\">Soir\u00e9e annuelle Natixis<\/h3><div class=\"portfolio-cta\">D\u00e9couvrir<\/div><\/div><\/a><a href=\"https:\/\/www.idf-evenements.com\/en\/references\/lubrizol-diner-gala-vip\/\" class=\"portfolio-item prestigious-en\"><div class=\"portfolio-image-category\"><div class=\"portfolio-image\"><img loading=\"lazy\" decoding=\"async\" width=\"768\" height=\"512\" src=\"https:\/\/www.idf-evenements.com\/wp-content\/uploads\/2024\/11\/lubrizol-diner-gala-vip-1-768x512.png\" class=\"attachment-medium_large size-medium_large wp-post-image\" alt=\"D\u00eener gastronomique dans un lieu d\u2019exception\" \/><\/div><div class=\"portfolio-lieu-category\">Prestigious<\/div><\/div><div class=\"portfolio-content\"><div class=\"portfolio-infos\"><p class=\"portfolio-ville\">Paris Ier<\/p><p class=\"portfolio-participants\">300  personnes<\/p><\/div><h3 class=\"portfolio-title\">D\u00eener de gala VIP<\/h3><div class=\"portfolio-cta\">D\u00e9couvrir<\/div><\/div><\/a><a href=\"https:\/\/www.idf-evenements.com\/en\/references\/opco-ep-convention-nationale-1000-personnes\/\" class=\"portfolio-item theatre\"><div class=\"portfolio-image-category\"><div class=\"portfolio-image\"><img loading=\"lazy\" decoding=\"async\" width=\"768\" height=\"512\" src=\"https:\/\/www.idf-evenements.com\/wp-content\/uploads\/2024\/10\/idf_evenements-opco-ep-convention-nationale-1000-personnes-1-1920-768x512.jpg\" class=\"attachment-medium_large size-medium_large wp-post-image\" alt=\"Pourquoi investir dans des conf\u00e9rences et congr\u00e8s pour renforcer votre notori\u00e9t\u00e9 ?\" \/><\/div><div class=\"portfolio-lieu-category\">Th\u00e9\u00e2tre<\/div><\/div><div class=\"portfolio-content\"><div class=\"portfolio-infos\"><p class=\"portfolio-ville\">Paris IXe<\/p><p class=\"portfolio-participants\">1000 personnes<\/p><\/div><h3 class=\"portfolio-title\">Convention nationale d&#8217;Opco EP de 1000 personnes<\/h3><div class=\"portfolio-cta\">D\u00e9couvrir<\/div><\/div><\/a><a href=\"https:\/\/www.idf-evenements.com\/en\/references\/action-patrimoine-anniversaire-entreprise-jardins-pont-neuf\/\" class=\"portfolio-item rooftop\"><div class=\"portfolio-image-category\"><div class=\"portfolio-image\"><img loading=\"lazy\" decoding=\"async\" width=\"768\" height=\"512\" src=\"https:\/\/www.idf-evenements.com\/wp-content\/uploads\/2024\/10\/idf_evenements-action-patrimoine-anniversaire-entreprise-jardins-pont-neuf-1-1920-768x512.jpg\" class=\"attachment-medium_large size-medium_large wp-post-image\" alt=\"Anniversaire d\u2019entreprise d&#039;Action Patrimoine dans les jardins du Pont Neuf\" \/><\/div><div class=\"portfolio-lieu-category\">Rooftop<\/div><\/div><div class=\"portfolio-content\"><div class=\"portfolio-infos\"><p class=\"portfolio-ville\">Paris Ier<\/p><p class=\"portfolio-participants\">400 personnes<\/p><\/div><h3 class=\"portfolio-title\">Anniversaire d\u2019entreprise dans les jardins du Pont Neuf<\/h3><div class=\"portfolio-cta\">D\u00e9couvrir<\/div><\/div><\/a><a href=\"https:\/\/www.idf-evenements.com\/en\/references\/bpce-soiree-hangar-aeroportuaire-bordeaux\/\" class=\"portfolio-item atypique\"><div class=\"portfolio-image-category\"><div class=\"portfolio-image\"><img loading=\"lazy\" decoding=\"async\" width=\"768\" height=\"512\" src=\"https:\/\/www.idf-evenements.com\/wp-content\/uploads\/2024\/10\/idf_evenements-bpce-soiree-hangar-aeroportuaire-bordeaux-1-1920-768x512.jpg\" class=\"attachment-medium_large size-medium_large wp-post-image\" alt=\"\" \/><\/div><div class=\"portfolio-lieu-category\">Atypique<\/div><\/div><div class=\"portfolio-content\"><div class=\"portfolio-infos\"><p class=\"portfolio-ville\">Bordeaux<\/p><p class=\"portfolio-participants\">800 personnes<\/p><\/div><h3 class=\"portfolio-title\">Soir\u00e9e dans un Hangar a\u00e9roportuaire \u00e0 Bordeaux<\/h3><div class=\"portfolio-cta\">D\u00e9couvrir<\/div><\/div><\/a><a href=\"https:\/\/www.idf-evenements.com\/en\/references\/cfc-diner-gala-croisiere-seine\/\" class=\"portfolio-item atypique\"><div class=\"portfolio-image-category\"><div class=\"portfolio-image\"><img loading=\"lazy\" decoding=\"async\" width=\"768\" height=\"512\" src=\"https:\/\/www.idf-evenements.com\/wp-content\/uploads\/2024\/10\/idf_evenements-cfc-diner-gala-croisiere-seine-1-1920-768x512.jpg\" class=\"attachment-medium_large size-medium_large wp-post-image\" alt=\"D\u00eener de gala avec croisi\u00e8re sur la Seine\" \/><\/div><div class=\"portfolio-lieu-category\">Atypique<\/div><\/div><div class=\"portfolio-content\"><div class=\"portfolio-infos\"><p class=\"portfolio-ville\">Paris<\/p><p class=\"portfolio-participants\">250  personnes<\/p><\/div><h3 class=\"portfolio-title\">D\u00eener de gala avec croisi\u00e8re sur la Seine<\/h3><div class=\"portfolio-cta\">D\u00e9couvrir<\/div><\/div><\/a><a href=\"https:\/\/www.idf-evenements.com\/en\/references\/medef-visite-presidentielle-officielle\/\" class=\"portfolio-item theatre\"><div class=\"portfolio-image-category\"><div class=\"portfolio-image\"><img loading=\"lazy\" decoding=\"async\" width=\"768\" height=\"512\" src=\"https:\/\/www.idf-evenements.com\/wp-content\/uploads\/2024\/10\/idf_evenements-medef-visite-presidentielle-officielle-3-1920-768x512.jpg\" class=\"attachment-medium_large size-medium_large wp-post-image\" alt=\"COMEX hors site\" \/><\/div><div class=\"portfolio-lieu-category\">Th\u00e9\u00e2tre<\/div><\/div><div class=\"portfolio-content\"><div class=\"portfolio-infos\"><p class=\"portfolio-ville\">Paris XIIIe<\/p><p class=\"portfolio-participants\">500 personnes<\/p><\/div><h3 class=\"portfolio-title\">Visite pr\u00e9sidentielle officielle<\/h3><div class=\"portfolio-cta\">D\u00e9couvrir<\/div><\/div><\/a><a href=\"https:\/\/www.idf-evenements.com\/en\/references\/nexity-soiree-musee-arts-forains\/\" class=\"portfolio-item musee\"><div class=\"portfolio-image-category\"><div class=\"portfolio-image\"><img loading=\"lazy\" decoding=\"async\" width=\"768\" height=\"512\" src=\"https:\/\/www.idf-evenements.com\/wp-content\/uploads\/2024\/10\/idf_evenements-nexity-soiree-musee-arts-forains-1-1920-768x512.jpg\" class=\"attachment-medium_large size-medium_large wp-post-image\" alt=\"L&#039;\u00e9v\u00e9nementiel comme outil de storytelling pour les marques B2B\" \/><\/div><div class=\"portfolio-lieu-category\">Mus\u00e9e<\/div><\/div><div class=\"portfolio-content\"><div class=\"portfolio-infos\"><p class=\"portfolio-ville\">Paris XIIe <\/p><p class=\"portfolio-participants\">500 personnes<\/p><\/div><h3 class=\"portfolio-title\">Soir\u00e9e Nexity au mus\u00e9e des Arts Forains<\/h3><div class=\"portfolio-cta\">D\u00e9couvrir<\/div><\/div><\/a><a href=\"https:\/\/www.idf-evenements.com\/en\/references\/nicolas-bi-centenaire-petit-palais\/\" class=\"portfolio-item musee\"><div class=\"portfolio-image-category\"><div class=\"portfolio-image\"><img loading=\"lazy\" decoding=\"async\" width=\"768\" height=\"512\" src=\"https:\/\/www.idf-evenements.com\/wp-content\/uploads\/2024\/10\/idf_evenements-nicolas-bi-centenaire-petit-palais-1-1920-768x512.jpg\" class=\"attachment-medium_large size-medium_large wp-post-image\" alt=\"Bi-centenaire Nicolas au Petit Palais\" \/><\/div><div class=\"portfolio-lieu-category\">Mus\u00e9e<\/div><\/div><div class=\"portfolio-content\"><div class=\"portfolio-infos\"><p class=\"portfolio-ville\">Paris VIIIe<\/p><p class=\"portfolio-participants\">700  personnes<\/p><\/div><h3 class=\"portfolio-title\">Bi-centenaire Nicolas au Petit Palais<\/h3><div class=\"portfolio-cta\">D\u00e9couvrir<\/div><\/div><\/a><a href=\"https:\/\/www.idf-evenements.com\/en\/references\/bpce-soiree-gatsby-salle-wagram\/\" class=\"portfolio-item prestigious-en\"><div class=\"portfolio-image-category\"><div class=\"portfolio-image\"><img loading=\"lazy\" decoding=\"async\" width=\"768\" height=\"512\" src=\"https:\/\/www.idf-evenements.com\/wp-content\/uploads\/2024\/10\/idf_evenements-bpce-soiree-gatsby-salle-wagram-1-1920-768x512.jpg\" class=\"attachment-medium_large size-medium_large wp-post-image\" alt=\"Soir\u00e9e th\u00e8me Gatsby pour entreprise : Plongez dans l&#039;extravagance des ann\u00e9es folles\" \/><\/div><div class=\"portfolio-lieu-category\">Prestigious<\/div><\/div><div class=\"portfolio-content\"><div class=\"portfolio-infos\"><p class=\"portfolio-ville\">Paris XVIIe<\/p><p class=\"portfolio-participants\">800 personnes<\/p><\/div><h3 class=\"portfolio-title\">Soir\u00e9e Gatsby \u00e0 la salle Wagram<\/h3><div class=\"portfolio-cta\">D\u00e9couvrir<\/div><\/div><\/a><a href=\"https:\/\/www.idf-evenements.com\/en\/references\/cncgp-salon-professionnel-sous-structures\/\" class=\"portfolio-item atypique\"><div class=\"portfolio-image-category\"><div class=\"portfolio-image\"><img loading=\"lazy\" decoding=\"async\" width=\"768\" height=\"512\" src=\"https:\/\/www.idf-evenements.com\/wp-content\/uploads\/2024\/11\/idf_evenements-cncgp-salon-professionnel-sous-structures-1-1920-768x512.jpg\" class=\"attachment-medium_large size-medium_large wp-post-image\" alt=\"Salon Professionnel sous structures\" \/><\/div><div class=\"portfolio-lieu-category\">Atypique<\/div><\/div><div class=\"portfolio-content\"><div class=\"portfolio-infos\"><p class=\"portfolio-ville\">Paris XVIe<\/p><p class=\"portfolio-participants\">1500 personnes<\/p><\/div><h3 class=\"portfolio-title\">Salon Professionnel sous structures<\/h3><div class=\"portfolio-cta\">D\u00e9couvrir<\/div><\/div><\/a><a href=\"https:\/\/www.idf-evenements.com\/en\/references\/20-ans-axione\/\" class=\"portfolio-item atypique\"><div class=\"portfolio-image-category\"><div class=\"portfolio-image\"><img loading=\"lazy\" decoding=\"async\" width=\"768\" height=\"512\" src=\"https:\/\/www.idf-evenements.com\/wp-content\/uploads\/2024\/10\/idf_evenements-seminaire-entreprise-1920-768x512.jpg\" class=\"attachment-medium_large size-medium_large wp-post-image\" alt=\"Soir\u00e9e d\u2019entreprise sur le th\u00e8me futuriste\" \/><\/div><div class=\"portfolio-lieu-category\">Atypique<\/div><\/div><div class=\"portfolio-content\"><div class=\"portfolio-infos\"><p class=\"portfolio-ville\">Verneuil d&#039;Avre et d&#039;Iton<\/p><p class=\"portfolio-participants\">2220 personnes<\/p><\/div><h3 class=\"portfolio-title\">20 ans d&#8217;Axione<\/h3><div class=\"portfolio-cta\">D\u00e9couvrir<\/div><\/div><\/a><a href=\"https:\/\/www.idf-evenements.com\/en\/references\/mandarine-gestion-musee-rodin\/\" class=\"portfolio-item musee\"><div class=\"portfolio-image-category\"><div class=\"portfolio-image\"><img loading=\"lazy\" decoding=\"async\" width=\"768\" height=\"512\" src=\"https:\/\/www.idf-evenements.com\/wp-content\/uploads\/2024\/10\/idf_evenements-mandarine-gestion-musee-rodin-1920-768x512.jpg\" class=\"attachment-medium_large size-medium_large wp-post-image\" alt=\"Soir\u00e9e entreprise th\u00e8me mus\u00e9e\" \/><\/div><div class=\"portfolio-lieu-category\">Mus\u00e9e<\/div><\/div><div class=\"portfolio-content\"><div class=\"portfolio-infos\"><p class=\"portfolio-ville\">Paris VII<\/p><p class=\"portfolio-participants\">350 personnes<\/p><\/div><h3 class=\"portfolio-title\">\u00c9v\u00e9nement d&#8217;entreprise au Mus\u00e9e Rodin<\/h3><div class=\"portfolio-cta\">D\u00e9couvrir<\/div><\/div><\/a><a href=\"https:\/\/www.idf-evenements.com\/en\/references\/cfc-diner-gala-bnf-richelieu\/\" class=\"portfolio-item atypique atypique-en\"><div class=\"portfolio-image-category\"><div class=\"portfolio-image\"><img loading=\"lazy\" decoding=\"async\" width=\"768\" height=\"512\" src=\"https:\/\/www.idf-evenements.com\/wp-content\/uploads\/2024\/10\/idf_evenements-cfc-diner-gala-bnf-richelieu-principale-1920-768x512.jpg\" class=\"attachment-medium_large size-medium_large wp-post-image\" alt=\"D\u00eener de gala au sein de la BNF Richelieu\" \/><\/div><div class=\"portfolio-lieu-category\">Unique<\/div><\/div><div class=\"portfolio-content\"><div class=\"portfolio-infos\"><p class=\"portfolio-ville\">Paris IIe<\/p><p class=\"portfolio-participants\">220 personnes<\/p><\/div><h3 class=\"portfolio-title\">D\u00eener de gala au sein de la BNF Richelieu<\/h3><div class=\"portfolio-cta\">D\u00e9couvrir<\/div><\/div><\/a><\/div>\n<p>[\/et_pb_text][\/et_pb_column][\/et_pb_row][\/et_pb_section][et_pb_section fb_built=&#8221;1&#8243; admin_label=&#8221;breadcrumb &#8211; About&#8221; _builder_version=&#8221;4.27.0&#8243; _module_preset=&#8221;default&#8221; background_color=&#8221;#f8f8f8&#8243; background_enable_color=&#8221;off&#8221; custom_padding=&#8221;0px||0px||true|false&#8221; locked=&#8221;off&#8221; global_colors_info=&#8221;{}&#8221;][et_pb_row admin_label=&#8221;breadcrumb&#8221; module_class=&#8221;breadcrumb&#8221; _builder_version=&#8221;4.27.0&#8243; _module_preset=&#8221;default&#8221; width_tablet=&#8221;90%&#8221; width_phone=&#8221;&#8221; width_last_edited=&#8221;on|phone&#8221; global_colors_info=&#8221;%91%93&#8243;][et_pb_column type=&#8221;4_4&#8243; _builder_version=&#8221;4.22.2&#8243; _module_preset=&#8221;default&#8221; global_colors_info=&#8221;{}&#8221;][et_pb_text admin_label=&#8221;breadcrumb_parent Accueil&#8221; module_class=&#8221;breadcrumb_parent&#8221; _builder_version=&#8221;4.23.1&#8243; _module_preset=&#8221;default&#8221; global_colors_info=&#8221;{}&#8221;]<a href=\"\/en\/\">IDF \u00e9v\u00e9nements<\/a>[\/et_pb_text][et_pb_text admin_label=&#8221;Active page&#8221; _builder_version=&#8221;4.27.0&#8243; _dynamic_attributes=&#8221;content&#8221; _module_preset=&#8221;default&#8221; global_colors_info=&#8221;{}&#8221;]@ET-DC@eyJkeW5hbWljIjp0cnVlLCJjb250ZW50IjoicG9zdF90aXRsZSIsInNldHRpbmdzIjp7ImJlZm9yZSI6IiIsImFmdGVyIjoiIiwiZW5hYmxlX2h0bWwiOiJvZmYifX0=@[\/et_pb_text][\/et_pb_column][\/et_pb_row][\/et_pb_section]<\/p>\n","protected":false},"excerpt":{"rendered":"<p>[et_pb_section fb_built=&#8221;1&#8243; admin_label=&#8221;Header&#8221; _builder_version=&#8221;4.19.4&#8243; _dynamic_attributes=&#8221;background_image&#8221; use_background_color_gradient=&#8221;on&#8221; background_color_gradient_stops=&#8221;rgba(10,0,0,0.3) 0%|rgba(15,15,15,0.05) 100%&#8221; background_image=&#8221;@ET-DC@eyJkeW5hbWljIjp0cnVlLCJjb250ZW50IjoicG9zdF9mZWF0dXJlZF9pbWFnZSIsInNldHRpbmdzIjp7ImVuYWJsZV9odG1sIjoib2ZmIn19@&#8221; background_blend=&#8221;multiply&#8221; height_tablet=&#8221;540px&#8221; height_phone=&#8221;540px&#8221; height_last_edited=&#8221;off|desktop&#8221; custom_padding=&#8221;0px||0px||true|false&#8221; locked=&#8221;off&#8221; global_colors_info=&#8221;{}&#8221;][et_pb_row custom_padding_last_edited=&#8221;on|phone&#8221; _builder_version=&#8221;4.19.4&#8243; background_size=&#8221;initial&#8221; background_position=&#8221;top_left&#8221; background_repeat=&#8221;repeat&#8221; custom_padding=&#8221;230px||250px||false|false&#8221; custom_padding_tablet=&#8221;160px||180px||false|false&#8221; custom_padding_phone=&#8221;100px||120px||false|false&#8221; global_colors_info=&#8221;{}&#8221;][et_pb_column type=&#8221;4_4&#8243; _builder_version=&#8221;4.19.4&#8243; _module_preset=&#8221;default&#8221; global_colors_info=&#8221;{}&#8221;][et_pb_text _builder_version=&#8221;4.19.4&#8243; _dynamic_attributes=&#8221;content&#8221; _module_preset=&#8221;default&#8221; header_font=&#8221;||on||||||&#8221; header_text_align=&#8221;center&#8221; header_text_color=&#8221;#ffffff&#8221; header_font_size=&#8221;60px&#8221; header_line_height=&#8221;1.1em&#8221; header_font_size_tablet=&#8221;50px&#8221; header_font_size_phone=&#8221;40px&#8221; header_font_size_last_edited=&#8221;on|phone&#8221; global_colors_info=&#8221;{}&#8221;]@ET-DC@eyJkeW5hbWljIjp0cnVlLCJjb250ZW50IjoicG9zdF90aXRsZSIsInNldHRpbmdzIjp7ImJlZm9yZSI6IjxoMT4iLCJhZnRlciI6IjwvaDE+IiwiZW5hYmxlX2h0bWwiOiJvZmYifX0=@[\/et_pb_text][\/et_pb_column][\/et_pb_row][\/et_pb_section][et_pb_section fb_built=&#8221;1&#8243; _builder_version=&#8221;4.23.1&#8243; _module_preset=&#8221;default&#8221; background_image=&#8221;https:\/\/www.idf-evenements.com\/wp-content\/uploads\/2023\/01\/idf_evenements-pattern.svg&#8221; background_size=&#8221;initial&#8221; background_position=&#8221;bottom_center&#8221; background_repeat=&#8221;repeat&#8221; global_colors_info=&#8221;{}&#8221;][et_pb_row custom_padding_last_edited=&#8221;on|phone&#8221; _builder_version=&#8221;4.23.1&#8243; _module_preset=&#8221;default&#8221; width_tablet=&#8221;&#8221; width_phone=&#8221;90%&#8221; [&hellip;]<\/p>\n","protected":false},"author":2,"featured_media":21246029,"parent":0,"menu_order":0,"comment_status":"closed","ping_status":"closed","template":"","meta":{"_acf_changed":false,"_et_pb_use_builder":"on","_et_pb_old_content":"","_et_gb_content_width":"","footnotes":""},"categories":[],"tags":[],"dipi_cpt_category":[],"gabarit":[],"localisation":[],"class_list":["post-21250218","page","type-page","status-publish","has-post-thumbnail","hentry"],"acf":[],"yoast_head":"<!-- This site is optimized with the Yoast SEO plugin v27.5 - https:\/\/yoast.com\/product\/yoast-seo-wordpress\/ -->\n<title>References - IDF \u00e9v\u00e9nements<\/title>\n<meta name=\"robots\" content=\"index, follow, max-snippet:-1, max-image-preview:large, max-video-preview:-1\" \/>\n<link rel=\"canonical\" href=\"https:\/\/www.idf-evenements.com\/en\/references\/\" \/>\n<meta property=\"og:locale\" content=\"en_US\" \/>\n<meta property=\"og:type\" content=\"article\" \/>\n<meta property=\"og:title\" content=\"References - IDF \u00e9v\u00e9nements\" \/>\n<meta property=\"og:description\" content=\"[et_pb_section fb_built=&#8221;1&#8243; admin_label=&#8221;Header&#8221; _builder_version=&#8221;4.19.4&#8243; _dynamic_attributes=&#8221;background_image&#8221; use_background_color_gradient=&#8221;on&#8221; background_color_gradient_stops=&#8221;rgba(10,0,0,0.3) 0%|rgba(15,15,15,0.05) 100%&#8221; background_image=&#8221;@ET-DC@eyJkeW5hbWljIjp0cnVlLCJjb250ZW50IjoicG9zdF9mZWF0dXJlZF9pbWFnZSIsInNldHRpbmdzIjp7ImVuYWJsZV9odG1sIjoib2ZmIn19@&#8221; background_blend=&#8221;multiply&#8221; height_tablet=&#8221;540px&#8221; height_phone=&#8221;540px&#8221; height_last_edited=&#8221;off|desktop&#8221; custom_padding=&#8221;0px||0px||true|false&#8221; locked=&#8221;off&#8221; global_colors_info=&#8221;{}&#8221;][et_pb_row custom_padding_last_edited=&#8221;on|phone&#8221; _builder_version=&#8221;4.19.4&#8243; background_size=&#8221;initial&#8221; background_position=&#8221;top_left&#8221; background_repeat=&#8221;repeat&#8221; custom_padding=&#8221;230px||250px||false|false&#8221; custom_padding_tablet=&#8221;160px||180px||false|false&#8221; custom_padding_phone=&#8221;100px||120px||false|false&#8221; global_colors_info=&#8221;{}&#8221;][et_pb_column type=&#8221;4_4&#8243; _builder_version=&#8221;4.19.4&#8243; _module_preset=&#8221;default&#8221; global_colors_info=&#8221;{}&#8221;][et_pb_text _builder_version=&#8221;4.19.4&#8243; _dynamic_attributes=&#8221;content&#8221; _module_preset=&#8221;default&#8221; header_font=&#8221;||on||||||&#8221; header_text_align=&#8221;center&#8221; header_text_color=&#8221;#ffffff&#8221; header_font_size=&#8221;60px&#8221; header_line_height=&#8221;1.1em&#8221; header_font_size_tablet=&#8221;50px&#8221; header_font_size_phone=&#8221;40px&#8221; header_font_size_last_edited=&#8221;on|phone&#8221; global_colors_info=&#8221;{}&#8221;]@ET-DC@eyJkeW5hbWljIjp0cnVlLCJjb250ZW50IjoicG9zdF90aXRsZSIsInNldHRpbmdzIjp7ImJlZm9yZSI6IjxoMT4iLCJhZnRlciI6IjwvaDE+IiwiZW5hYmxlX2h0bWwiOiJvZmYifX0=@[\/et_pb_text][\/et_pb_column][\/et_pb_row][\/et_pb_section][et_pb_section fb_built=&#8221;1&#8243; _builder_version=&#8221;4.23.1&#8243; _module_preset=&#8221;default&#8221; background_image=&#8221;https:\/\/www.idf-evenements.com\/wp-content\/uploads\/2023\/01\/idf_evenements-pattern.svg&#8221; background_size=&#8221;initial&#8221; background_position=&#8221;bottom_center&#8221; background_repeat=&#8221;repeat&#8221; global_colors_info=&#8221;{}&#8221;][et_pb_row custom_padding_last_edited=&#8221;on|phone&#8221; _builder_version=&#8221;4.23.1&#8243; _module_preset=&#8221;default&#8221; width_tablet=&#8221;&#8221; width_phone=&#8221;90%&#8221; [&hellip;]\" \/>\n<meta property=\"og:url\" content=\"https:\/\/www.idf-evenements.com\/en\/references\/\" \/>\n<meta property=\"og:site_name\" content=\"IDF \u00e9v\u00e9nements\" \/>\n<meta property=\"article:publisher\" content=\"https:\/\/www.facebook.com\/IDFevenements\/\" \/>\n<meta property=\"article:modified_time\" content=\"2025-12-02T10:39:40+00:00\" \/>\n<meta property=\"og:image\" content=\"https:\/\/www.idf-evenements.com\/wp-content\/uploads\/2023\/01\/idf_evenements-tapis_rouge_soiree_gala_evenement_entreprise-1920.jpg\" \/>\n\t<meta property=\"og:image:width\" content=\"1920\" \/>\n\t<meta property=\"og:image:height\" content=\"1280\" \/>\n\t<meta property=\"og:image:type\" content=\"image\/jpeg\" \/>\n<meta name=\"twitter:card\" content=\"summary_large_image\" \/>\n<meta name=\"twitter:label1\" content=\"Est. reading time\" \/>\n\t<meta name=\"twitter:data1\" content=\"3 minutes\" \/>\n<script type=\"application\/ld+json\" class=\"yoast-schema-graph\">{\"@context\":\"https:\\\/\\\/schema.org\",\"@graph\":[{\"@type\":\"WebPage\",\"@id\":\"https:\\\/\\\/www.idf-evenements.com\\\/en\\\/references\\\/\",\"url\":\"https:\\\/\\\/www.idf-evenements.com\\\/en\\\/references\\\/\",\"name\":\"References - IDF \u00e9v\u00e9nements\",\"isPartOf\":{\"@id\":\"https:\\\/\\\/www.idf-evenements.com\\\/en\\\/#website\"},\"primaryImageOfPage\":{\"@id\":\"https:\\\/\\\/www.idf-evenements.com\\\/en\\\/references\\\/#primaryimage\"},\"image\":{\"@id\":\"https:\\\/\\\/www.idf-evenements.com\\\/en\\\/references\\\/#primaryimage\"},\"thumbnailUrl\":\"https:\\\/\\\/www.idf-evenements.com\\\/wp-content\\\/uploads\\\/2023\\\/01\\\/idf_evenements-tapis_rouge_soiree_gala_evenement_entreprise-1920.jpg\",\"datePublished\":\"2024-10-15T18:15:21+00:00\",\"dateModified\":\"2025-12-02T10:39:40+00:00\",\"breadcrumb\":{\"@id\":\"https:\\\/\\\/www.idf-evenements.com\\\/en\\\/references\\\/#breadcrumb\"},\"inLanguage\":\"en-US\",\"potentialAction\":[{\"@type\":\"ReadAction\",\"target\":[\"https:\\\/\\\/www.idf-evenements.com\\\/en\\\/references\\\/\"]}]},{\"@type\":\"ImageObject\",\"inLanguage\":\"en-US\",\"@id\":\"https:\\\/\\\/www.idf-evenements.com\\\/en\\\/references\\\/#primaryimage\",\"url\":\"https:\\\/\\\/www.idf-evenements.com\\\/wp-content\\\/uploads\\\/2023\\\/01\\\/idf_evenements-tapis_rouge_soiree_gala_evenement_entreprise-1920.jpg\",\"contentUrl\":\"https:\\\/\\\/www.idf-evenements.com\\\/wp-content\\\/uploads\\\/2023\\\/01\\\/idf_evenements-tapis_rouge_soiree_gala_evenement_entreprise-1920.jpg\",\"width\":1920,\"height\":1280,\"caption\":\"Remise de prix d'entreprise\"},{\"@type\":\"BreadcrumbList\",\"@id\":\"https:\\\/\\\/www.idf-evenements.com\\\/en\\\/references\\\/#breadcrumb\",\"itemListElement\":[{\"@type\":\"ListItem\",\"position\":1,\"name\":\"Accueil\",\"item\":\"https:\\\/\\\/www.idf-evenements.com\\\/en\\\/\"},{\"@type\":\"ListItem\",\"position\":2,\"name\":\"References\"}]},{\"@type\":\"WebSite\",\"@id\":\"https:\\\/\\\/www.idf-evenements.com\\\/en\\\/#website\",\"url\":\"https:\\\/\\\/www.idf-evenements.com\\\/en\\\/\",\"name\":\"IDF \u00e9v\u00e9nements\",\"description\":\"Agence \u00e9v\u00e9nementielle haut de gamme \u00e0 Paris\",\"publisher\":{\"@id\":\"https:\\\/\\\/www.idf-evenements.com\\\/en\\\/#organization\"},\"potentialAction\":[{\"@type\":\"SearchAction\",\"target\":{\"@type\":\"EntryPoint\",\"urlTemplate\":\"https:\\\/\\\/www.idf-evenements.com\\\/en\\\/?s={search_term_string}\"},\"query-input\":{\"@type\":\"PropertyValueSpecification\",\"valueRequired\":true,\"valueName\":\"search_term_string\"}}],\"inLanguage\":\"en-US\"},{\"@type\":\"Organization\",\"@id\":\"https:\\\/\\\/www.idf-evenements.com\\\/en\\\/#organization\",\"name\":\"IDF \u00e9v\u00e9nements\",\"url\":\"https:\\\/\\\/www.idf-evenements.com\\\/en\\\/\",\"logo\":{\"@type\":\"ImageObject\",\"inLanguage\":\"en-US\",\"@id\":\"https:\\\/\\\/www.idf-evenements.com\\\/en\\\/#\\\/schema\\\/logo\\\/image\\\/\",\"url\":\"https:\\\/\\\/www.idf-evenements.com\\\/wp-content\\\/uploads\\\/2022\\\/12\\\/idf_evenements-logo-240.png\",\"contentUrl\":\"https:\\\/\\\/www.idf-evenements.com\\\/wp-content\\\/uploads\\\/2022\\\/12\\\/idf_evenements-logo-240.png\",\"width\":240,\"height\":148,\"caption\":\"IDF \u00e9v\u00e9nements\"},\"image\":{\"@id\":\"https:\\\/\\\/www.idf-evenements.com\\\/en\\\/#\\\/schema\\\/logo\\\/image\\\/\"},\"sameAs\":[\"https:\\\/\\\/www.facebook.com\\\/IDFevenements\\\/\",\"https:\\\/\\\/fr.linkedin.com\\\/company\\\/idf-evenements\",\"https:\\\/\\\/www.instagram.com\\\/agenceidfevenements\\\/\"]}]}<\/script>\n<!-- \/ Yoast SEO plugin. -->","yoast_head_json":{"title":"References - IDF \u00e9v\u00e9nements","robots":{"index":"index","follow":"follow","max-snippet":"max-snippet:-1","max-image-preview":"max-image-preview:large","max-video-preview":"max-video-preview:-1"},"canonical":"https:\/\/www.idf-evenements.com\/en\/references\/","og_locale":"en_US","og_type":"article","og_title":"References - IDF \u00e9v\u00e9nements","og_description":"[et_pb_section fb_built=&#8221;1&#8243; admin_label=&#8221;Header&#8221; _builder_version=&#8221;4.19.4&#8243; _dynamic_attributes=&#8221;background_image&#8221; use_background_color_gradient=&#8221;on&#8221; background_color_gradient_stops=&#8221;rgba(10,0,0,0.3) 0%|rgba(15,15,15,0.05) 100%&#8221; background_image=&#8221;@ET-DC@eyJkeW5hbWljIjp0cnVlLCJjb250ZW50IjoicG9zdF9mZWF0dXJlZF9pbWFnZSIsInNldHRpbmdzIjp7ImVuYWJsZV9odG1sIjoib2ZmIn19@&#8221; background_blend=&#8221;multiply&#8221; height_tablet=&#8221;540px&#8221; height_phone=&#8221;540px&#8221; height_last_edited=&#8221;off|desktop&#8221; custom_padding=&#8221;0px||0px||true|false&#8221; locked=&#8221;off&#8221; global_colors_info=&#8221;{}&#8221;][et_pb_row custom_padding_last_edited=&#8221;on|phone&#8221; _builder_version=&#8221;4.19.4&#8243; background_size=&#8221;initial&#8221; background_position=&#8221;top_left&#8221; background_repeat=&#8221;repeat&#8221; custom_padding=&#8221;230px||250px||false|false&#8221; custom_padding_tablet=&#8221;160px||180px||false|false&#8221; custom_padding_phone=&#8221;100px||120px||false|false&#8221; global_colors_info=&#8221;{}&#8221;][et_pb_column type=&#8221;4_4&#8243; _builder_version=&#8221;4.19.4&#8243; _module_preset=&#8221;default&#8221; global_colors_info=&#8221;{}&#8221;][et_pb_text _builder_version=&#8221;4.19.4&#8243; _dynamic_attributes=&#8221;content&#8221; _module_preset=&#8221;default&#8221; header_font=&#8221;||on||||||&#8221; header_text_align=&#8221;center&#8221; header_text_color=&#8221;#ffffff&#8221; header_font_size=&#8221;60px&#8221; header_line_height=&#8221;1.1em&#8221; header_font_size_tablet=&#8221;50px&#8221; header_font_size_phone=&#8221;40px&#8221; header_font_size_last_edited=&#8221;on|phone&#8221; global_colors_info=&#8221;{}&#8221;]@ET-DC@eyJkeW5hbWljIjp0cnVlLCJjb250ZW50IjoicG9zdF90aXRsZSIsInNldHRpbmdzIjp7ImJlZm9yZSI6IjxoMT4iLCJhZnRlciI6IjwvaDE+IiwiZW5hYmxlX2h0bWwiOiJvZmYifX0=@[\/et_pb_text][\/et_pb_column][\/et_pb_row][\/et_pb_section][et_pb_section fb_built=&#8221;1&#8243; _builder_version=&#8221;4.23.1&#8243; _module_preset=&#8221;default&#8221; background_image=&#8221;https:\/\/www.idf-evenements.com\/wp-content\/uploads\/2023\/01\/idf_evenements-pattern.svg&#8221; background_size=&#8221;initial&#8221; background_position=&#8221;bottom_center&#8221; background_repeat=&#8221;repeat&#8221; global_colors_info=&#8221;{}&#8221;][et_pb_row custom_padding_last_edited=&#8221;on|phone&#8221; _builder_version=&#8221;4.23.1&#8243; _module_preset=&#8221;default&#8221; width_tablet=&#8221;&#8221; width_phone=&#8221;90%&#8221; [&hellip;]","og_url":"https:\/\/www.idf-evenements.com\/en\/references\/","og_site_name":"IDF \u00e9v\u00e9nements","article_publisher":"https:\/\/www.facebook.com\/IDFevenements\/","article_modified_time":"2025-12-02T10:39:40+00:00","og_image":[{"width":1920,"height":1280,"url":"https:\/\/www.idf-evenements.com\/wp-content\/uploads\/2023\/01\/idf_evenements-tapis_rouge_soiree_gala_evenement_entreprise-1920.jpg","type":"image\/jpeg"}],"twitter_card":"summary_large_image","twitter_misc":{"Est. reading time":"3 minutes"},"schema":{"@context":"https:\/\/schema.org","@graph":[{"@type":"WebPage","@id":"https:\/\/www.idf-evenements.com\/en\/references\/","url":"https:\/\/www.idf-evenements.com\/en\/references\/","name":"References - IDF \u00e9v\u00e9nements","isPartOf":{"@id":"https:\/\/www.idf-evenements.com\/en\/#website"},"primaryImageOfPage":{"@id":"https:\/\/www.idf-evenements.com\/en\/references\/#primaryimage"},"image":{"@id":"https:\/\/www.idf-evenements.com\/en\/references\/#primaryimage"},"thumbnailUrl":"https:\/\/www.idf-evenements.com\/wp-content\/uploads\/2023\/01\/idf_evenements-tapis_rouge_soiree_gala_evenement_entreprise-1920.jpg","datePublished":"2024-10-15T18:15:21+00:00","dateModified":"2025-12-02T10:39:40+00:00","breadcrumb":{"@id":"https:\/\/www.idf-evenements.com\/en\/references\/#breadcrumb"},"inLanguage":"en-US","potentialAction":[{"@type":"ReadAction","target":["https:\/\/www.idf-evenements.com\/en\/references\/"]}]},{"@type":"ImageObject","inLanguage":"en-US","@id":"https:\/\/www.idf-evenements.com\/en\/references\/#primaryimage","url":"https:\/\/www.idf-evenements.com\/wp-content\/uploads\/2023\/01\/idf_evenements-tapis_rouge_soiree_gala_evenement_entreprise-1920.jpg","contentUrl":"https:\/\/www.idf-evenements.com\/wp-content\/uploads\/2023\/01\/idf_evenements-tapis_rouge_soiree_gala_evenement_entreprise-1920.jpg","width":1920,"height":1280,"caption":"Remise de prix d'entreprise"},{"@type":"BreadcrumbList","@id":"https:\/\/www.idf-evenements.com\/en\/references\/#breadcrumb","itemListElement":[{"@type":"ListItem","position":1,"name":"Accueil","item":"https:\/\/www.idf-evenements.com\/en\/"},{"@type":"ListItem","position":2,"name":"References"}]},{"@type":"WebSite","@id":"https:\/\/www.idf-evenements.com\/en\/#website","url":"https:\/\/www.idf-evenements.com\/en\/","name":"IDF \u00e9v\u00e9nements","description":"Agence \u00e9v\u00e9nementielle haut de gamme \u00e0 Paris","publisher":{"@id":"https:\/\/www.idf-evenements.com\/en\/#organization"},"potentialAction":[{"@type":"SearchAction","target":{"@type":"EntryPoint","urlTemplate":"https:\/\/www.idf-evenements.com\/en\/?s={search_term_string}"},"query-input":{"@type":"PropertyValueSpecification","valueRequired":true,"valueName":"search_term_string"}}],"inLanguage":"en-US"},{"@type":"Organization","@id":"https:\/\/www.idf-evenements.com\/en\/#organization","name":"IDF \u00e9v\u00e9nements","url":"https:\/\/www.idf-evenements.com\/en\/","logo":{"@type":"ImageObject","inLanguage":"en-US","@id":"https:\/\/www.idf-evenements.com\/en\/#\/schema\/logo\/image\/","url":"https:\/\/www.idf-evenements.com\/wp-content\/uploads\/2022\/12\/idf_evenements-logo-240.png","contentUrl":"https:\/\/www.idf-evenements.com\/wp-content\/uploads\/2022\/12\/idf_evenements-logo-240.png","width":240,"height":148,"caption":"IDF \u00e9v\u00e9nements"},"image":{"@id":"https:\/\/www.idf-evenements.com\/en\/#\/schema\/logo\/image\/"},"sameAs":["https:\/\/www.facebook.com\/IDFevenements\/","https:\/\/fr.linkedin.com\/company\/idf-evenements","https:\/\/www.instagram.com\/agenceidfevenements\/"]}]}},"_links":{"self":[{"href":"https:\/\/www.idf-evenements.com\/en\/wp-json\/wp\/v2\/pages\/21250218","targetHints":{"allow":["GET"]}}],"collection":[{"href":"https:\/\/www.idf-evenements.com\/en\/wp-json\/wp\/v2\/pages"}],"about":[{"href":"https:\/\/www.idf-evenements.com\/en\/wp-json\/wp\/v2\/types\/page"}],"author":[{"embeddable":true,"href":"https:\/\/www.idf-evenements.com\/en\/wp-json\/wp\/v2\/users\/2"}],"replies":[{"embeddable":true,"href":"https:\/\/www.idf-evenements.com\/en\/wp-json\/wp\/v2\/comments?post=21250218"}],"version-history":[{"count":4,"href":"https:\/\/www.idf-evenements.com\/en\/wp-json\/wp\/v2\/pages\/21250218\/revisions"}],"predecessor-version":[{"id":21250222,"href":"https:\/\/www.idf-evenements.com\/en\/wp-json\/wp\/v2\/pages\/21250218\/revisions\/21250222"}],"wp:featuredmedia":[{"embeddable":true,"href":"https:\/\/www.idf-evenements.com\/en\/wp-json\/wp\/v2\/media\/21246029"}],"wp:attachment":[{"href":"https:\/\/www.idf-evenements.com\/en\/wp-json\/wp\/v2\/media?parent=21250218"}],"wp:term":[{"taxonomy":"category","embeddable":true,"href":"https:\/\/www.idf-evenements.com\/en\/wp-json\/wp\/v2\/categories?post=21250218"},{"taxonomy":"post_tag","embeddable":true,"href":"https:\/\/www.idf-evenements.com\/en\/wp-json\/wp\/v2\/tags?post=21250218"},{"taxonomy":"dipi_cpt_category","embeddable":true,"href":"https:\/\/www.idf-evenements.com\/en\/wp-json\/wp\/v2\/dipi_cpt_category?post=21250218"},{"taxonomy":"gabarit","embeddable":true,"href":"https:\/\/www.idf-evenements.com\/en\/wp-json\/wp\/v2\/gabarit?post=21250218"},{"taxonomy":"localisation","embeddable":true,"href":"https:\/\/www.idf-evenements.com\/en\/wp-json\/wp\/v2\/localisation?post=21250218"}],"curies":[{"name":"wp","href":"https:\/\/api.w.org\/{rel}","templated":true}]}}